{"id":718,"date":"2025-03-26T08:44:49","date_gmt":"2025-03-26T07:44:49","guid":{"rendered":"https:\/\/www.regzota.com\/?page_id=718"},"modified":"2025-08-05T07:29:02","modified_gmt":"2025-08-05T06:29:02","slug":"finques","status":"publish","type":"page","link":"https:\/\/www.regzota.com\/es\/finques\/","title":{"rendered":"Fincas"},"content":{"rendered":"<p>[et_pb_section fb_built=&#8221;1&#8243; next_background_color=&#8221;#FFFFFF&#8221; admin_label=&#8221;section&#8221; _builder_version=&#8221;4.27.4&#8243; background_enable_color=&#8221;off&#8221; use_background_color_gradient=&#8221;on&#8221; background_color_gradient_type=&#8221;circular&#8221; background_color_gradient_stops=&#8221;#336699 0%|#23b6fb 100%&#8221; custom_padding=&#8221;195px||108px||false|false&#8221; bottom_divider_style=&#8221;waves2&#8243; global_colors_info=&#8221;{}&#8221;][et_pb_row _builder_version=&#8221;4.27.4&#8243; _module_preset=&#8221;default&#8221; custom_padding=&#8221;52px||52px||true|&#8221; global_colors_info=&#8221;{}&#8221;][et_pb_column type=&#8221;4_4&#8243; _builder_version=&#8221;4.27.4&#8243; _module_preset=&#8221;default&#8221; global_colors_info=&#8221;{}&#8221;][et_pb_text _builder_version=&#8221;4.27.4&#8243; _module_preset=&#8221;default&#8221; text_font=&#8221;&#8211;et_global_body_font|||on|||||&#8221; text_text_color=&#8221;#FFFFFF&#8221; text_font_size=&#8221;18px&#8221; text_letter_spacing=&#8221;1px&#8221; text_orientation=&#8221;center&#8221; custom_margin=&#8221;||19px|||&#8221; global_colors_info=&#8221;{}&#8221;]<\/p>\n<p>REGZOTA, Comunitat de regants de la Terra Alta<\/p>\n<p>[\/et_pb_text][et_pb_post_title meta=&#8221;off&#8221; featured_image=&#8221;off&#8221; text_color=&#8221;light&#8221; _builder_version=&#8221;4.27.4&#8243; _module_preset=&#8221;default&#8221; title_font=&#8221;&#8211;et_global_heading_font||||||||&#8221; title_text_align=&#8221;center&#8221; title_font_size=&#8221;30px&#8221; text_orientation=&#8221;center&#8221; global_colors_info=&#8221;{}&#8221;][\/et_pb_post_title][\/et_pb_column][\/et_pb_row][\/et_pb_section][et_pb_section fb_built=&#8221;1&#8243; custom_padding_last_edited=&#8221;on|tablet&#8221; _builder_version=&#8221;4.27.4&#8243; _module_preset=&#8221;default&#8221; background_color=&#8221;#FFFFFF&#8221; background_enable_mask_style=&#8221;on&#8221; background_mask_style=&#8221;paint&#8221; background_mask_color=&#8221;rgba(67,226,254,0.1)&#8221; background_mask_transform=&#8221;invert&#8221; background_mask_aspect_ratio=&#8221;portrait&#8221; custom_margin=&#8221;||||false|false&#8221; custom_margin_tablet=&#8221;||||false|false&#8221; custom_margin_phone=&#8221;|13px|||false|false&#8221; custom_margin_last_edited=&#8221;on|phone&#8221; custom_padding=&#8221;|25px|8px|25px|false|true&#8221; custom_padding_tablet=&#8221;|25px|8px|25px|false|true&#8221; custom_padding_phone=&#8221;|25px|35px|25px|false|true&#8221; global_colors_info=&#8221;{}&#8221;][et_pb_row column_structure=&#8221;2_3,1_3&#8243; module_id=&#8221;equip&#8221; module_class=&#8221;equip&#8221; _builder_version=&#8221;4.27.4&#8243; _module_preset=&#8221;default&#8221; width=&#8221;100%&#8221; max_width=&#8221;1200px&#8221; custom_margin=&#8221;|auto|-3px|auto||&#8221; custom_padding=&#8221;||0px|||&#8221; global_colors_info=&#8221;{}&#8221;][et_pb_column type=&#8221;2_3&#8243; _builder_version=&#8221;4.27.4&#8243; _module_preset=&#8221;default&#8221; global_colors_info=&#8221;{}&#8221;][et_pb_text _builder_version=&#8221;4.27.4&#8243; _module_preset=&#8221;default&#8221; text_font=&#8221;&#8211;et_global_body_font|||on|||||&#8221; text_text_color=&#8221;#336699&#8243; text_font_size=&#8221;18px&#8221; text_letter_spacing=&#8221;1px&#8221; custom_margin=&#8221;||19px|||&#8221; global_colors_info=&#8221;{}&#8221;]<\/p>\n<p>Arrenda una finca<\/p>\n<p>[\/et_pb_text][et_pb_heading title=&#8221;Finques Disponibles per a l\u2019Activitat Agr\u00edcola&#8221; _builder_version=&#8221;4.27.4&#8243; _module_preset=&#8221;default&#8221; title_level=&#8221;h2&#8243; title_font=&#8221;Lexenddeca Bold|600|||||||&#8221; title_text_color=&#8221;#0099CC&#8221; title_font_size=&#8221;31px&#8221; custom_margin=&#8221;-4px||2px|||&#8221; global_colors_info=&#8221;{}&#8221;][\/et_pb_heading][\/et_pb_column][et_pb_column type=&#8221;1_3&#8243; disabled_on=&#8221;on|on|off&#8221; _builder_version=&#8221;4.27.4&#8243; _module_preset=&#8221;default&#8221; scroll_vertical_motion_enable=&#8221;on&#8221; scroll_vertical_motion=&#8221;0|50|50|100|1|0|-1&#8243; scroll_fade=&#8221;0|34|34|100|0|100|100&#8243; scroll_scaling=&#8221;0|25|25|100|70|100|100&#8243; global_colors_info=&#8221;{}&#8221;][et_pb_image src=&#8221;https:\/\/www.regzota.com\/wp-content\/uploads\/2025\/03\/finques.png&#8221; alt=&#8221;Il\u00b7lustraci\u00f3 a color per a les finques.&#8221; title_text=&#8221;finques&#8221; show_bottom_space=&#8221;off&#8221; disabled_on=&#8221;on|on|off&#8221; _builder_version=&#8221;4.27.4&#8243; _module_preset=&#8221;default&#8221; width=&#8221;80%&#8221; max_width=&#8221;80%&#8221; module_alignment=&#8221;center&#8221; custom_margin=&#8221;-149px||18px||false|false&#8221; custom_padding=&#8221;||||false|false&#8221; global_colors_info=&#8221;{}&#8221; transform_styles__hover_enabled=&#8221;on|desktop&#8221; transform_scale__hover_enabled=&#8221;on|desktop&#8221; transform_translate__hover_enabled=&#8221;on|desktop&#8221; transform_rotate__hover_enabled=&#8221;on|desktop&#8221; transform_skew__hover_enabled=&#8221;on|desktop&#8221; transform_origin__hover_enabled=&#8221;on|desktop&#8221;][\/et_pb_image][\/et_pb_column][\/et_pb_row][et_pb_row module_id=&#8221;enlla\u00e7os-interes&#8221; module_class=&#8221;enlla\u00e7os-interes&#8221; _builder_version=&#8221;4.27.4&#8243; _module_preset=&#8221;default&#8221; width=&#8221;100%&#8221; max_width=&#8221;1200px&#8221; custom_margin=&#8221;0px|auto||auto|false|false&#8221; custom_padding=&#8221;0px||4px||false|false&#8221; global_colors_info=&#8221;{}&#8221;][et_pb_column type=&#8221;4_4&#8243; _builder_version=&#8221;4.27.4&#8243; _module_preset=&#8221;default&#8221; global_colors_info=&#8221;{}&#8221;][et_pb_text _builder_version=&#8221;4.27.4&#8243; _module_preset=&#8221;default&#8221; text_font=&#8221;Lexenddeca Regular||||||||&#8221; text_text_color=&#8221;#000000&#8243; text_font_size=&#8221;16.5px&#8221; text_letter_spacing=&#8221;0.5px&#8221; custom_margin=&#8221;-31px||-3px|||&#8221; global_colors_info=&#8221;{}&#8221;]<\/p>\n<p>Si est\u00e1s buscando una finca para trabajar la tierra y desarrollar tu actividad agr\u00edcola, tenemos opciones disponibles para ti. <br \/>Ofrecemos una amplia selecci\u00f3n de fincas de distintas dimensiones y caracter\u00edsticas, adaptadas a diversos tipos de cultivos y explotaciones agr\u00edcolas.<\/p>\n<p>[\/et_pb_text][et_pb_blog fullwidth=&#8221;off&#8221; posts_number=&#8221;21&#8243; include_categories=&#8221;12&#8243; meta_date=&#8221;j M Y&#8221; excerpt_length=&#8221;160&#8243; show_more=&#8221;on&#8221; show_author=&#8221;off&#8221; show_categories=&#8221;off&#8221; use_overlay=&#8221;on&#8221; overlay_icon_color=&#8221;#FFFFFF&#8221; hover_overlay_color=&#8221;#23B6FB&#8221; module_class=&#8221;igualar-alturas&#8221; _builder_version=&#8221;4.27.4&#8243; _module_preset=&#8221;default&#8221; header_font=&#8221;Lexenddeca Bold|700|||||||&#8221; header_text_color=&#8221;#0099CC&#8221; header_font_size=&#8221;16.2px&#8221; body_font=&#8221;&#8211;et_global_body_font||||||||&#8221; body_text_color=&#8221;#000000&#8243; meta_font=&#8221;&#8211;et_global_body_font|||on|||||&#8221; meta_text_color=&#8221;#000000&#8243; read_more_font=&#8221;Lexenddeca Regular|700||on|||||&#8221; read_more_text_color=&#8221;#FFFFFF&#8221; background_enable_color=&#8221;off&#8221; custom_padding=&#8221;41px|||||&#8221; custom_css_read_more=&#8221;display: block;||text-align: center;||background-color: #23b6fb;||padding: 0.3em 1em;||margin-top: 10px;&#8221; border_radii=&#8221;on|15px|15px|15px|15px&#8221; border_width_all=&#8221;0px&#8221; border_color_all=&#8221;RGBA(255,255,255,0)&#8221; box_shadow_style=&#8221;preset3&#8243; box_shadow_color=&#8221;rgba(0,0,0,0.17)&#8221; global_colors_info=&#8221;{}&#8221; custom_css_read_more__hover_enabled=&#8221;on|desktop&#8221; custom_css_read_more__hover=&#8221;display: block;||text-align: center;||background-color: #336699;||padding: 0.3em 1em;||margin-top: 10px&#8221;][\/et_pb_blog][\/et_pb_column][\/et_pb_row][et_pb_row column_structure=&#8221;1_2,1_2&#8243; _builder_version=&#8221;4.27.4&#8243; _module_preset=&#8221;default&#8221; width=&#8221;100%&#8221; max_width=&#8221;1200px&#8221; custom_margin=&#8221;-4px|auto||auto||&#8221; custom_padding=&#8221;6px||39px|||&#8221; global_colors_info=&#8221;{}&#8221;][et_pb_column type=&#8221;1_2&#8243; _builder_version=&#8221;4.27.4&#8243; _module_preset=&#8221;default&#8221; global_colors_info=&#8221;{}&#8221;][dnxte_3d_flipbox front_icon=&#8221;&#xf46d;||fa||900&#8243; front_heading=&#8221;Diversitat de finques&#8221; front_bgc_color=&#8221;#0099CC&#8221; front_icon_size=&#8221;38px&#8221; back_icon_switch=&#8221;off&#8221; back_heading=&#8221;Diferents extensions i caracter\u00edstiques segons les teves necessitats.&#8221; back_bgc_color=&#8221;#336699&#8243; btn_show_hide=&#8221;off&#8221; btn_bg_color=&#8221;RGBA(255,255,255,0)&#8221; _builder_version=&#8221;4.27.4&#8243; _module_preset=&#8221;default&#8221; front_flip_text_font=&#8221;Lexenddeca Regular||||||||&#8221; front_flip_text_text_color=&#8221;#FFFFFF&#8221; front_flip_text_font_size=&#8221;18px&#8221; back_flip_text_font=&#8221;Lexenddeca Regular||||||||&#8221; back_flip_text_font_size=&#8221;18px&#8221; min_height=&#8221;179px&#8221; height=&#8221;179px&#8221; max_height=&#8221;179px&#8221; custom_margin=&#8221;|-16px||2px|false|false&#8221; border_radii_front_borders=&#8221;on|15px|15px|15px|15px&#8221; border_radii_back_borders=&#8221;on|15px|15px|15px|15px&#8221; box_shadow_style_front_box_shadow=&#8221;preset3&#8243; box_shadow_color_front_box_shadow=&#8221;rgba(0,0,0,0.24)&#8221; box_shadow_style_back_box_shadow=&#8221;preset3&#8243; box_shadow_color_back_box_shadow=&#8221;rgba(0,0,0,0.24)&#8221; global_colors_info=&#8221;{}&#8221;][\/dnxte_3d_flipbox][\/et_pb_column][et_pb_column type=&#8221;1_2&#8243; _builder_version=&#8221;4.27.4&#8243; _module_preset=&#8221;default&#8221; global_colors_info=&#8221;{}&#8221;][dnxte_3d_flipbox front_icon=&#8221;&#xf3c5;||fa||900&#8243; front_heading=&#8221;Ubicacions estrat\u00e8giques&#8221; front_bgc_color=&#8221;#cef7ff&#8221; front_icon_color=&#8221;#0099CC&#8221; front_icon_size=&#8221;38px&#8221; back_icon_switch=&#8221;off&#8221; back_heading=&#8221;Finques situades en zones agr\u00edcoles de gran valor.&#8221; back_bgc_color=&#8221;#336699&#8243; btn_show_hide=&#8221;off&#8221; btn_bg_color=&#8221;RGBA(255,255,255,0)&#8221; _builder_version=&#8221;4.27.4&#8243; _module_preset=&#8221;default&#8221; front_flip_text_font=&#8221;Lexenddeca Regular||||||||&#8221; front_flip_text_text_color=&#8221;#336699&#8243; front_flip_text_font_size=&#8221;18px&#8221; back_flip_text_font=&#8221;Lexenddeca Regular||||||||&#8221; back_flip_text_font_size=&#8221;18px&#8221; min_height=&#8221;179px&#8221; height=&#8221;179px&#8221; max_height=&#8221;179px&#8221; custom_margin=&#8221;|-8px||2px|false|false&#8221; border_radii_front_borders=&#8221;on|15px|15px|15px|15px&#8221; border_radii_back_borders=&#8221;on|15px|15px|15px|15px&#8221; box_shadow_style_front_box_shadow=&#8221;preset3&#8243; box_shadow_color_front_box_shadow=&#8221;rgba(0,0,0,0.24)&#8221; box_shadow_style_back_box_shadow=&#8221;preset3&#8243; box_shadow_color_back_box_shadow=&#8221;rgba(0,0,0,0.24)&#8221; global_colors_info=&#8221;{}&#8221;][\/dnxte_3d_flipbox][\/et_pb_column][\/et_pb_row][et_pb_row module_id=&#8221;enlla\u00e7os-interes&#8221; module_class=&#8221;enlla\u00e7os-interes&#8221; _builder_version=&#8221;4.27.4&#8243; _module_preset=&#8221;default&#8221; width=&#8221;100%&#8221; max_width=&#8221;1200px&#8221; custom_padding=&#8221;3px|||||&#8221; global_colors_info=&#8221;{}&#8221;][et_pb_column type=&#8221;4_4&#8243; _builder_version=&#8221;4.27.4&#8243; _module_preset=&#8221;default&#8221; global_colors_info=&#8221;{}&#8221;][et_pb_divider color=&#8221;#336699&#8243; divider_weight=&#8221;2px&#8221; _builder_version=&#8221;4.27.4&#8243; _module_preset=&#8221;default&#8221; custom_margin=&#8221;||20px|||&#8221; global_colors_info=&#8221;{}&#8221;][\/et_pb_divider][et_pb_text _builder_version=&#8221;4.27.4&#8243; _module_preset=&#8221;default&#8221; text_font=&#8221;&#8211;et_global_body_font|||on|||||&#8221; text_text_color=&#8221;#336699&#8243; text_font_size=&#8221;18px&#8221; text_letter_spacing=&#8221;1px&#8221; custom_margin=&#8221;||19px|||&#8221; global_colors_info=&#8221;{}&#8221;]<\/p>\n<p>Publicita tu finca agr\u00edcola<\/p>\n<p>[\/et_pb_text][et_pb_heading title=&#8221;Vols publicitar la teva finca, contacta amb nosaltres&#8221; _builder_version=&#8221;4.27.4&#8243; _module_preset=&#8221;default&#8221; title_level=&#8221;h2&#8243; title_font=&#8221;Lexenddeca Bold|600|||||||&#8221; title_text_align=&#8221;left&#8221; title_text_color=&#8221;#0099CC&#8221; title_font_size=&#8221;31px&#8221; custom_margin=&#8221;-4px||2px|||&#8221; global_colors_info=&#8221;{}&#8221;][\/et_pb_heading][et_pb_text _builder_version=&#8221;4.27.4&#8243; _module_preset=&#8221;default&#8221; text_font=&#8221;Lexenddeca Regular||||||||&#8221; text_text_color=&#8221;#000000&#8243; text_font_size=&#8221;16.5px&#8221; text_letter_spacing=&#8221;0.5px&#8221; custom_margin=&#8221;12px||-3px|||&#8221; custom_padding=&#8221;||28px|||&#8221; global_colors_info=&#8221;{}&#8221;]<\/p>\n<p>\u00bfTienes una finca agr\u00edcola y quieres darle m\u00e1s visibilidad? Ayudamos a propietarios como t\u00fa a conectarse con compradores e inversores interesados. Publicitamos tu finca de forma efectiva para que llegue a las personas adecuadas.<\/p>\n<p>[\/et_pb_text][dsm_contact_form_7 cf7_library=&#8221;756&#8243; show_validation=&#8221;on&#8221; label_bottom_spacing=&#8221;1px&#8221; input_background_color=&#8221;gcid-4c79ba3d-a281-4fb6-9b14-02f9a4c793f2&#8243; validation_error_background_color=&#8221;RGBA(255,255,255,0)&#8221; _builder_version=&#8221;4.27.4&#8243; _module_preset=&#8221;default&#8221; labels_font=&#8221;&#8211;et_global_body_font||||||||&#8221; labels_text_color=&#8221;#000000&#8243; labels_font_size=&#8221;16px&#8221; input_textarea_select_font=&#8221;&#8211;et_global_body_font||||||||&#8221; input_textarea_select_text_color=&#8221;#000000&#8243; input_textarea_select_font_size=&#8221;15px&#8221; date_field_font=&#8221;&#8211;et_global_body_font||||||||&#8221; date_field_text_color=&#8221;#000000&#8243; placeholder_font=&#8221;&#8211;et_global_body_font||||||||&#8221; placeholder_text_color=&#8221;#000000&#8243; radio_checkbox_font=&#8221;&#8211;et_global_body_font||||||||&#8221; radio_checkbox_text_color=&#8221;#000000&#8243; file_font=&#8221;&#8211;et_global_body_font||||||||&#8221; file_text_color=&#8221;#000000&#8243; error_msg_font=&#8221;&#8211;et_global_body_font||||||||&#8221; error_validation_font=&#8221;&#8211;et_global_body_font||||||||&#8221; error_validation_text_color=&#8221;#000000&#8243; success_validation_text_color=&#8221;#000000&#8243; custom_button_one=&#8221;on&#8221; button_one_text_size=&#8221;18px&#8221; button_one_text_color=&#8221;#FFFFFF&#8221; button_one_bg_color=&#8221;#336699&#8243; button_one_border_width=&#8221;0px&#8221; button_one_border_color=&#8221;RGBA(255,255,255,0)&#8221; button_one_border_radius=&#8221;10px&#8221; button_one_font=&#8221;&#8211;et_global_body_font|||on|||||&#8221; button_one_icon=&#8221;&#x35;||divi||400&#8243; button_one_custom_padding=&#8221;|20px||20px|false|true&#8221; border_color_all_error_validation=&#8221;#cc0000&#8243; global_colors_info=&#8221;{%22gcid-4c79ba3d-a281-4fb6-9b14-02f9a4c793f2%22:%91%22input_background_color%22%93}&#8221; error_validation_text_color__hover_enabled=&#8221;on|desktop&#8221; error_validation_text_color__hover=&#8221;#FFFFFF&#8221;][\/dsm_contact_form_7][\/et_pb_column][\/et_pb_row][\/et_pb_section]<\/p>","protected":false},"excerpt":{"rendered":"<p>REGZOTA, Comunitat de regants de la Terra AltaArrenda una fincaSi busques una finca per treballar la terra i desenvolupar la teva activitat agr\u00edcola, tenim opcions disponibles per a tu. Oferim una \u00e0mplia selecci\u00f3 de finques de diferents dimensions i caracter\u00edstiques, adaptades a diversos tipus de cultius i explotacions agr\u00edcoles.<div class=\"et_pb_module dnxte_3d_flipbox dnxte_3d_flipbox_0\">\n\t\t\t\t\n\t\t\t\t\n\t\t\t\t\n\t\t\t\t\n\t\t\t\t\n\t\t\t\t\n\t\t\t\t<div class=\"et_pb_module_inner\">\n\t\t\t\t\t<div class=\"dnext-3d-transform-flpb-box-item\">\r\n\t\t\t\t<div class=\"dnext-3d-transform-flpb-flip-box\">\r\n\t\t\t\t\t<div class=\"dnext-3d-transform-flpb-flip-box-front\">\r\n\t\t\t<div class=\"dnext-3d-transform-flpb-inner dnext-3d-flpb-flibbox-icon-front\">\r\n\t\t\t\t<span class=\"et-pb-icon\" data-icon=\"&#xf46d;\" data-icon-tablet=\"&#xf46d;\" data-icon-phone=\"&#xf46d;\"><\/span>\r\n\t\t\t\t<h4 class=\"dnext-3d-transform-flpb-flip-box-header\">Diversidad de fincas<\/h4>\r\n\t\t\t\t\r\n\t\t\t<\/div>\r\n\t\t<\/div>\r\n\t\t\t\t\t<div class=\"dnext-3d-transform-flpb-flip-box-back\">\r\n            <div class=\"dnext-3d-transform-flpb-inner dnext-3d-flpb-flibbox-icon-back\">\r\n                \r\n                <h4 class=\"dnext-3d-transform-flpb-flip-box-header\">Diferentes extensiones y caracter\u00edsticas seg\u00fan sus necesidades.<\/h4>\r\n                \r\n                \r\n            <\/div>\r\n        <\/div>\r\n\t\t\t\t\t<div class=\"dnext-3d-flpb-flank\"><\/div>\r\n\t\t\t\t<\/div>\r\n\t\t\t<\/div>\n\t\t\t\t<\/div>\n\t\t\t<\/div><div class=\"et_pb_module dnxte_3d_flipbox dnxte_3d_flipbox_1\">\n\t\t\t\t\n\t\t\t\t\n\t\t\t\t\n\t\t\t\t\n\t\t\t\t\n\t\t\t\t\n\t\t\t\t<div class=\"et_pb_module_inner\">\n\t\t\t\t\t<div class=\"dnext-3d-transform-flpb-box-item\">\r\n\t\t\t\t<div class=\"dnext-3d-transform-flpb-flip-box\">\r\n\t\t\t\t\t<div class=\"dnext-3d-transform-flpb-flip-box-front\">\r\n\t\t\t<div class=\"dnext-3d-transform-flpb-inner dnext-3d-flpb-flibbox-icon-front\">\r\n\t\t\t\t<span class=\"et-pb-icon\" data-icon=\"&#xf3c5;\" data-icon-tablet=\"&#xf3c5;\" data-icon-phone=\"&#xf3c5;\"><\/span>\r\n\t\t\t\t<h4 class=\"dnext-3d-transform-flpb-flip-box-header\">Ubicaciones estrat\u00e9gicas<\/h4>\r\n\t\t\t\t\r\n\t\t\t<\/div>\r\n\t\t<\/div>\r\n\t\t\t\t\t<div class=\"dnext-3d-transform-flpb-flip-box-back\">\r\n            <div class=\"dnext-3d-transform-flpb-inner dnext-3d-flpb-flibbox-icon-back\">\r\n                \r\n                <h4 class=\"dnext-3d-transform-flpb-flip-box-header\">Fincas ubicadas en zonas agr\u00edcolas de gran valor.<\/h4>\r\n                \r\n                \r\n            <\/div>\r\n        <\/div>\r\n\t\t\t\t\t<div class=\"dnext-3d-flpb-flank\"><\/div>\r\n\t\t\t\t<\/div>\r\n\t\t\t<\/div>\n\t\t\t\t<\/div>\n\t\t\t<\/div>Publicita la teva finca agr\u00edcolaTens una finca agr\u00edcola i vols donar-li m\u00e9s visibilitat? Ajudem a propietaris com tu a connectar amb compradors i inversors interessats. Publicitem la teva finca de manera efectiva perqu\u00e8 arribi a les persones adequades.<div class=\"et_pb_with_border et_pb_module dsm_contact_form_7 dsm_contact_form_7_0\">\n\t\t\t\t\n\t\t\t\t\n\t\t\t\t\n\t\t\t\t\n\t\t\t\t\n\t\t\t\t\n\t\t\t\t<div class=\"et_pb_module_inner\">\n\t\t\t\t\t<div class=\"dsm_contact_form_7_btn_icon\" data-dsm-btn-icon=\"\">\n\t\t\t\t<p class=\"wpcf7-contact-form-not-found\"><strong>Error:<\/strong> Formulario de contacto no encontrado.<\/p>\n\t\t\t<\/div>\n\t\t\t\t<\/div>\n\t\t\t<\/div><\/p>","protected":false},"author":3,"featured_media":0,"parent":0,"menu_order":0,"comment_status":"closed","ping_status":"closed","template":"","meta":{"_et_pb_use_builder":"on","_et_pb_old_content":"","_et_gb_content_width":"","footnotes":""},"class_list":["post-718","page","type-page","status-publish","hentry"],"yoast_head":"<!-- This site is optimized with the Yoast SEO plugin v24.9 - https:\/\/yoast.com\/wordpress\/plugins\/seo\/ -->\n<title>Finques - Comunitat de Regants de la Zona Oriental de la Terra Alta<\/title>\n<meta name=\"description\" content=\"Arrenda una finca. Finques Disponibles per a l\u2019Activitat Agr\u00edcola. Si busques una finca per treballar la terra i desenvolupar...\" \/>\n<meta name=\"robots\" content=\"index, follow, max-snippet:-1, max-image-preview:large, max-video-preview:-1\" \/>\n<link rel=\"canonical\" href=\"https:\/\/www.regzota.com\/es\/finques\/\" \/>\n<meta property=\"og:locale\" content=\"es_ES\" \/>\n<meta property=\"og:type\" content=\"article\" \/>\n<meta property=\"og:title\" content=\"Finques - Comunitat de Regants de la Zona Oriental de la Terra Alta\" \/>\n<meta property=\"og:description\" content=\"Arrenda una finca. Finques Disponibles per a l\u2019Activitat Agr\u00edcola. Si busques una finca per treballar la terra i desenvolupar...\" \/>\n<meta property=\"og:url\" content=\"https:\/\/www.regzota.com\/es\/finques\/\" \/>\n<meta property=\"og:site_name\" content=\"Comunitat de Regants de la Zona Oriental de la Terra Alta\" \/>\n<meta property=\"article:modified_time\" content=\"2025-08-05T06:29:02+00:00\" \/>\n<meta name=\"twitter:card\" content=\"summary_large_image\" \/>\n<meta name=\"twitter:label1\" content=\"Tiempo de lectura\" \/>\n\t<meta name=\"twitter:data1\" content=\"3 minutos\" \/>\n<script type=\"application\/ld+json\" class=\"yoast-schema-graph\">{\"@context\":\"https:\/\/schema.org\",\"@graph\":[{\"@type\":\"WebPage\",\"@id\":\"https:\/\/www.regzota.com\/finques\/\",\"url\":\"https:\/\/www.regzota.com\/finques\/\",\"name\":\"Finques - Comunitat de Regants de la Zona Oriental de la Terra Alta\",\"isPartOf\":{\"@id\":\"https:\/\/www.regzota.com\/#website\"},\"datePublished\":\"2025-03-26T07:44:49+00:00\",\"dateModified\":\"2025-08-05T06:29:02+00:00\",\"description\":\"Arrenda una finca. Finques Disponibles per a l\u2019Activitat Agr\u00edcola. Si busques una finca per treballar la terra i desenvolupar...\",\"breadcrumb\":{\"@id\":\"https:\/\/www.regzota.com\/finques\/#breadcrumb\"},\"inLanguage\":\"es\",\"potentialAction\":[{\"@type\":\"ReadAction\",\"target\":[\"https:\/\/www.regzota.com\/finques\/\"]}]},{\"@type\":\"BreadcrumbList\",\"@id\":\"https:\/\/www.regzota.com\/finques\/#breadcrumb\",\"itemListElement\":[{\"@type\":\"ListItem\",\"position\":1,\"name\":\"Inici\",\"item\":\"https:\/\/www.regzota.com\/\"},{\"@type\":\"ListItem\",\"position\":2,\"name\":\"Finques\"}]},{\"@type\":\"WebSite\",\"@id\":\"https:\/\/www.regzota.com\/#website\",\"url\":\"https:\/\/www.regzota.com\/\",\"name\":\"Comunitat de Regants de la Zona Oriental de la Terra Alta\",\"description\":\"\",\"potentialAction\":[{\"@type\":\"SearchAction\",\"target\":{\"@type\":\"EntryPoint\",\"urlTemplate\":\"https:\/\/www.regzota.com\/?s={search_term_string}\"},\"query-input\":{\"@type\":\"PropertyValueSpecification\",\"valueRequired\":true,\"valueName\":\"search_term_string\"}}],\"inLanguage\":\"es\"}]}<\/script>\n<!-- \/ Yoast SEO plugin. -->","yoast_head_json":{"title":"Finques - Comunitat de Regants de la Zona Oriental de la Terra Alta","description":"Arrenda una finca. Finques Disponibles per a l\u2019Activitat Agr\u00edcola. Si busques una finca per treballar la terra i desenvolupar...","robots":{"index":"index","follow":"follow","max-snippet":"max-snippet:-1","max-image-preview":"max-image-preview:large","max-video-preview":"max-video-preview:-1"},"canonical":"https:\/\/www.regzota.com\/es\/finques\/","og_locale":"es_ES","og_type":"article","og_title":"Finques - Comunitat de Regants de la Zona Oriental de la Terra Alta","og_description":"Arrenda una finca. Finques Disponibles per a l\u2019Activitat Agr\u00edcola. Si busques una finca per treballar la terra i desenvolupar...","og_url":"https:\/\/www.regzota.com\/es\/finques\/","og_site_name":"Comunitat de Regants de la Zona Oriental de la Terra Alta","article_modified_time":"2025-08-05T06:29:02+00:00","twitter_card":"summary_large_image","twitter_misc":{"Tiempo de lectura":"3 minutos"},"schema":{"@context":"https:\/\/schema.org","@graph":[{"@type":"WebPage","@id":"https:\/\/www.regzota.com\/finques\/","url":"https:\/\/www.regzota.com\/finques\/","name":"Finques - Comunitat de Regants de la Zona Oriental de la Terra Alta","isPartOf":{"@id":"https:\/\/www.regzota.com\/#website"},"datePublished":"2025-03-26T07:44:49+00:00","dateModified":"2025-08-05T06:29:02+00:00","description":"Arrenda una finca. Finques Disponibles per a l\u2019Activitat Agr\u00edcola. Si busques una finca per treballar la terra i desenvolupar...","breadcrumb":{"@id":"https:\/\/www.regzota.com\/finques\/#breadcrumb"},"inLanguage":"es","potentialAction":[{"@type":"ReadAction","target":["https:\/\/www.regzota.com\/finques\/"]}]},{"@type":"BreadcrumbList","@id":"https:\/\/www.regzota.com\/finques\/#breadcrumb","itemListElement":[{"@type":"ListItem","position":1,"name":"Inici","item":"https:\/\/www.regzota.com\/"},{"@type":"ListItem","position":2,"name":"Finques"}]},{"@type":"WebSite","@id":"https:\/\/www.regzota.com\/#website","url":"https:\/\/www.regzota.com\/","name":"Comunitat de Regants de la Zona Oriental de la Terra Alta","description":"","potentialAction":[{"@type":"SearchAction","target":{"@type":"EntryPoint","urlTemplate":"https:\/\/www.regzota.com\/?s={search_term_string}"},"query-input":{"@type":"PropertyValueSpecification","valueRequired":true,"valueName":"search_term_string"}}],"inLanguage":"es"}]}},"_links":{"self":[{"href":"https:\/\/www.regzota.com\/es\/wp-json\/wp\/v2\/pages\/718","targetHints":{"allow":["GET"]}}],"collection":[{"href":"https:\/\/www.regzota.com\/es\/wp-json\/wp\/v2\/pages"}],"about":[{"href":"https:\/\/www.regzota.com\/es\/wp-json\/wp\/v2\/types\/page"}],"author":[{"embeddable":true,"href":"https:\/\/www.regzota.com\/es\/wp-json\/wp\/v2\/users\/3"}],"replies":[{"embeddable":true,"href":"https:\/\/www.regzota.com\/es\/wp-json\/wp\/v2\/comments?post=718"}],"version-history":[{"count":35,"href":"https:\/\/www.regzota.com\/es\/wp-json\/wp\/v2\/pages\/718\/revisions"}],"predecessor-version":[{"id":948,"href":"https:\/\/www.regzota.com\/es\/wp-json\/wp\/v2\/pages\/718\/revisions\/948"}],"wp:attachment":[{"href":"https:\/\/www.regzota.com\/es\/wp-json\/wp\/v2\/media?parent=718"}],"curies":[{"name":"wp","href":"https:\/\/api.w.org\/{rel}","templated":true}]}}